{"id":4435,"date":"2020-05-07T01:23:33","date_gmt":"2020-05-07T01:23:33","guid":{"rendered":"http:\/\/www.alem-colombia.org\/home\/?page_id=4435"},"modified":"2026-02-26T09:01:16","modified_gmt":"2026-02-26T14:01:16","slug":"home-v2-2","status":"publish","type":"page","link":"https:\/\/www.alem-colombia.org\/home\/","title":{"rendered":"Inicio"},"content":{"rendered":"<div class=\"wpb-content-wrapper\"><p>[vc_row full_width=&#8221;stretch_row_content_no_spaces&#8221; content_placement=&#8221;middle&#8221; fullwidth=&#8221;0&#8243; row_space=&#8221;remove_padding&#8221; isfullwidth=&#8221;0&#8243; css=&#8221;.vc_custom_1643230112665{margin-left: 0px !important;}&#8221;][vc_column css=&#8221;.vc_custom_1643230175776{padding-left: 0px !important;}&#8221;][vc_gallery interval=&#8221;5&#8243; images=&#8221;5244,5210,4779,5173&#8243; img_size=&#8221;full&#8221; onclick=&#8221;custom_link&#8221; custom_links_target=&#8221;_blank&#8221; css=&#8221;.vc_custom_1763811886806{background-position: center !important;background-repeat: no-repeat !important;background-size: cover !important;}&#8221; custom_links=&#8221;#E-8_aHR0cHMlM0ElMkYlMkZmb3Jtcy5nbGUlMkY1aDMzYTFiWUphOFNNdTFDOSUyQ2h0dHBzJTNBJTJGJTJGZm9ybXMuZ2xlJTJGMm1LQ2JLZEJMZ0dYZWNuZzglMkMlMkNodHRwcyUzQSUyRiUyRnd3dy5wc2VwYWdvcy5jbyUyRlBTRUhvc3RpbmdVSSUyRlNob3dUaWNrZXRPZmZpY2UuYXNweCUzRklEJTNEMTA3MTAlMkM=&#8221;][\/vc_column][\/vc_row][vc_row row_space=&#8221;padding-small&#8221; custom_background=&#8221;bg-theme-2&#8243;][vc_column][gva_call_to_action title=&#8221;Juntos para luchar contra la Esclerosis m\u00faltiple.&#8221; button_align=&#8221;button-right&#8221; link=&#8221;https:\/\/www.psepagos.co\/PSEHostingUI\/ShowTicketOffice.aspx?ID=10710&#8243; text_link=&#8221;Gracias por tu apoyo&#8221;][\/gva_call_to_action][\/vc_column][\/vc_row][vc_row row_space=&#8221;remove_margin remove_padding remove_padding_col&#8221;][vc_column offset=&#8221;vc_col-lg-6 vc_col-md-6&#8243;][vc_separator][vc_row_inner][vc_column_inner][vc_column_text]<\/p>\n<h3><strong>+57 320 3332056\u00a0 \u00a0|\u00a0 \u00a0 +57 322 6165047<\/strong><\/h3>\n<p>[\/vc_column_text][gva_block_heading title=&#8221;Pacientes de Esclerosis M\u00faltiple que se han beneficiado en Colombia y otras partes del mundo.&#8221; style=&#8221;style-2&#8243; align=&#8221;align-left&#8221; desc=&#8221;Aenean lacinia bibendum nulla sed consectetur. Integer posuere erat a ante venenatis dapibus posuere velit aliquet.&#8221; subtitle=&#8221;Somos parte del cambio&#8230;&#8221;][\/gva_block_heading][\/vc_column_inner][\/vc_row_inner][vc_row_inner][vc_column_inner width=&#8221;1\/2&#8243; offset=&#8221;vc_col-xs-6&#8243;][gva_counter title=&#8221;Beneficiados&#8221; icon=&#8221;gv-icon-1566&#8243; number=&#8221;280&#8243; icon_color=&#8221;#fec501&#8243;][\/gva_counter][\/vc_column_inner][vc_column_inner width=&#8221;1\/2&#8243; offset=&#8221;vc_col-xs-6&#8243;][gva_counter title=&#8221;Proyectos&#8221; icon=&#8221;gv-icon-1568&#8243; number=&#8221;3&#8243; icon_color=&#8221;#5586e8&#8243;][\/gva_counter][\/vc_column_inner][\/vc_row_inner][vc_row_inner][vc_column_inner offset=&#8221;vc_col-xs-6&#8243;][gva_counter title=&#8221;Voluntarios y Profesionales&#8221; icon=&#8221;gv-icon-449&#8243; number=&#8221;15&#8243; icon_color=&#8221;#01df00&#8243;][\/gva_counter][\/vc_column_inner][\/vc_row_inner][vc_row_inner][vc_column_inner offset=&#8221;vc_col-xs-6&#8243;][gva_block_heading title=&#8221;Red Latinoamericana de Asociaciones de Esclerosis M\u00faltiple&#8221; style=&#8221;style-2&#8243; align=&#8221;align-left&#8221; desc=&#8221;Aenean lacinia bibendum nulla sed consectetur. Integer posuere erat a ante venenatis dapibus posuere velit aliquet.&#8221; subtitle=&#8221;LATEM&#8221;][\/gva_block_heading][\/vc_column_inner][\/vc_row_inner][vc_row_inner][vc_column_inner width=&#8221;1\/2&#8243; offset=&#8221;vc_col-xs-6&#8243;][gva_counter title=&#8221;Beneficiados&#8221; icon=&#8221;gv-icon-1566&#8243; number=&#8221;21600&#8243; symbol=&#8221;+&#8221; icon_color=&#8221;#fec501&#8243;][\/gva_counter][\/vc_column_inner][vc_column_inner width=&#8221;1\/2&#8243;][gva_counter title=&#8221;Pa\u00edses&#8221; icon=&#8221;gv-icon-1215&#8243; number=&#8221;20&#8243; icon_color=&#8221;#0075c9&#8243;][\/gva_counter][\/vc_column_inner][\/vc_row_inner][vc_row_inner][vc_column_inner offset=&#8221;vc_col-xs-6&#8243;][gva_counter title=&#8221;Asociaciones&#8221; icon=&#8221;gv-icon-449&#8243; number=&#8221;27&#8243; icon_color=&#8221;#ff9800&#8243;][\/gva_counter][\/vc_column_inner][\/vc_row_inner][\/vc_column][vc_column offset=&#8221;vc_col-lg-6 vc_col-md-6&#8243;][vc_separator][gva_block_heading title=&#8221;Con\u00f3cenos y ap\u00f3yanos&#8221; icon=&#8221;gv-icon-619&#8243; align=&#8221;align-left-2&#8243; subtitle=&#8221;\u00bfQu\u00e9 es ALEM?&#8221;][\/gva_block_heading][gva_box_video photo=&#8221;4151&#8243;]https:\/\/www.youtube.com\/watch?v=0etIQRGGOcI[\/gva_box_video][vc_btn title=&#8221;\u00a1Conoce m\u00e1s aqu\u00ed!&#8221; color=&#8221;black&#8221; size=&#8221;lg&#8221; align=&#8221;center&#8221; css_animation=&#8221;fadeIn&#8221; button_block=&#8221;true&#8221; link=&#8221;url:https%3A%2F%2Fwww.alem-colombia.org%2Fhome%2Fnuestra-mision-y-vision%2F&#8221;][\/vc_column][vc_column][vc_single_image image=&#8221;5161&#8243; img_size=&#8221;500&#8243; alignment=&#8221;center&#8221; style=&#8221;vc_box_rounded&#8221; onclick=&#8221;custom_link&#8221; img_link_target=&#8221;_blank&#8221; link=&#8221;https:\/\/www.psepagos.co\/PSEHostingUI\/ShowTicketOffice.aspx?ID=10710&#8243;][vc_separator][vc_row_inner css=&#8221;.vc_custom_1710249902824{padding-top: 80px !important;padding-bottom: 80px !important;}&#8221;][vc_column_inner][gva_block_heading icon=&#8221;gv-icon-619&#8243; align=&#8221;align-left-2&#8243; subtitle=&#8221;S\u00edguenos en&#8221;][\/gva_block_heading][vc_column_text]\n<div id=\"sb_instagram\"  class=\"sbi sbi_mob_col_1 sbi_tab_col_2 sbi_col_4\" style=\"padding-bottom: 10px; width: 100%;\"\t data-feedid=\"*1\"  data-res=\"medium\" data-cols=\"4\" data-colsmobile=\"1\" data-colstablet=\"2\" data-num=\"4\" data-nummobile=\"\" data-item-padding=\"5\"\t data-shortcode-atts=\"{}\"  data-postid=\"4435\" data-locatornonce=\"d5832b0bc2\" data-imageaspectratio=\"1:1\" data-sbi-flags=\"favorLocal\">\n\t\n\t<div id=\"sbi_images\"  style=\"gap: 10px;\">\n\t\t<div class=\"sbi_item sbi_type_video sbi_new sbi_transition\"\n\tid=\"sbi_17994642467891340\" data-date=\"1766348856\">\n\t<div class=\"sbi_photo_wrap\">\n\t\t<a class=\"sbi_photo\" href=\"https:\/\/www.instagram.com\/reel\/DSiewh5CWi4\/\" target=\"_blank\" rel=\"noopener nofollow\" data-full-res=\"https:\/\/scontent-iad3-1.cdninstagram.com\/v\/t51.71878-15\/601225128_869654905714265_4760815935852394618_n.jpg?stp=dst-jpg_e35_tt6&#038;_nc_cat=110&#038;ccb=7-5&#038;_nc_sid=18de74&#038;efg=eyJlZmdfdGFnIjoiQ0xJUFMuYmVzdF9pbWFnZV91cmxnZW4uQzMifQ%3D%3D&#038;_nc_ohc=eaT4hgZ71PkQ7kNvwG2TY8B&#038;_nc_oc=AdktqqHJcm4d6DZkFSLb3boSPnL4EP2OLiCG9uI3PVc2jH-4sQoE3bOqClz_bMIAzSqoorMd8I-5fW2oJk_GDcTk&#038;_nc_zt=23&#038;_nc_ht=scontent-iad3-1.cdninstagram.com&#038;edm=AM6HXa8EAAAA&#038;_nc_gid=6SJvxKI-z6ZdaSvk2hRfgA&#038;oh=00_AflGBJa3rHFffrN80_OWlCW5WhCObGcWSirUFnUcRRHYPQ&#038;oe=69513F83\" data-img-src-set=\"{&quot;d&quot;:&quot;https:\\\/\\\/scontent-iad3-1.cdninstagram.com\\\/v\\\/t51.71878-15\\\/601225128_869654905714265_4760815935852394618_n.jpg?stp=dst-jpg_e35_tt6&amp;_nc_cat=110&amp;ccb=7-5&amp;_nc_sid=18de74&amp;efg=eyJlZmdfdGFnIjoiQ0xJUFMuYmVzdF9pbWFnZV91cmxnZW4uQzMifQ%3D%3D&amp;_nc_ohc=eaT4hgZ71PkQ7kNvwG2TY8B&amp;_nc_oc=AdktqqHJcm4d6DZkFSLb3boSPnL4EP2OLiCG9uI3PVc2jH-4sQoE3bOqClz_bMIAzSqoorMd8I-5fW2oJk_GDcTk&amp;_nc_zt=23&amp;_nc_ht=scontent-iad3-1.cdninstagram.com&amp;edm=AM6HXa8EAAAA&amp;_nc_gid=6SJvxKI-z6ZdaSvk2hRfgA&amp;oh=00_AflGBJa3rHFffrN80_OWlCW5WhCObGcWSirUFnUcRRHYPQ&amp;oe=69513F83&quot;,&quot;150&quot;:&quot;https:\\\/\\\/scontent-iad3-1.cdninstagram.com\\\/v\\\/t51.71878-15\\\/601225128_869654905714265_4760815935852394618_n.jpg?stp=dst-jpg_e35_tt6&amp;_nc_cat=110&amp;ccb=7-5&amp;_nc_sid=18de74&amp;efg=eyJlZmdfdGFnIjoiQ0xJUFMuYmVzdF9pbWFnZV91cmxnZW4uQzMifQ%3D%3D&amp;_nc_ohc=eaT4hgZ71PkQ7kNvwG2TY8B&amp;_nc_oc=AdktqqHJcm4d6DZkFSLb3boSPnL4EP2OLiCG9uI3PVc2jH-4sQoE3bOqClz_bMIAzSqoorMd8I-5fW2oJk_GDcTk&amp;_nc_zt=23&amp;_nc_ht=scontent-iad3-1.cdninstagram.com&amp;edm=AM6HXa8EAAAA&amp;_nc_gid=6SJvxKI-z6ZdaSvk2hRfgA&amp;oh=00_AflGBJa3rHFffrN80_OWlCW5WhCObGcWSirUFnUcRRHYPQ&amp;oe=69513F83&quot;,&quot;320&quot;:&quot;https:\\\/\\\/www.alem-colombia.org\\\/home\\\/wp-content\\\/uploads\\\/sb-instagram-feed-images\\\/601225128_869654905714265_4760815935852394618_nlow.webp&quot;,&quot;640&quot;:&quot;https:\\\/\\\/www.alem-colombia.org\\\/home\\\/wp-content\\\/uploads\\\/sb-instagram-feed-images\\\/601225128_869654905714265_4760815935852394618_nfull.webp&quot;}\">\n\t\t\t<span class=\"sbi-screenreader\">\ud83d\udeb4\ud83c\udffc\u200d\u2640\ufe0f\ud83d\udeb4\ud83c\udffdMientras unos pedaleaban, otros compart\u00edamo<\/span>\n\t\t\t\t\t\t<svg style=\"color: rgba(255,255,255,1)\" class=\"svg-inline--fa fa-play fa-w-14 sbi_playbtn\" aria-label=\"Play\" aria-hidden=\"true\" data-fa-processed=\"\" data-prefix=\"fa\" data-icon=\"play\" role=\"presentation\" xmlns=\"http:\/\/www.w3.org\/2000\/svg\" viewBox=\"0 0 448 512\"><path fill=\"currentColor\" d=\"M424.4 214.7L72.4 6.6C43.8-10.3 0 6.1 0 47.9V464c0 37.5 40.7 60.1 72.4 41.3l352-208c31.4-18.5 31.5-64.1 0-82.6z\"><\/path><\/svg>\t\t\t<img decoding=\"async\" data-src=\"https:\/\/www.alem-colombia.org\/home\/wp-content\/plugins\/instagram-feed\/img\/placeholder.png\" alt=\"\ud83d\udeb4\ud83c\udffc\u200d\u2640\ufe0f\ud83d\udeb4\ud83c\udffdMientras unos pedaleaban, otros compart\u00edamos y nos encontr\u00e1bamos como familia ALEM\ud83d\udc9a\ud83e\udde1\nAs\u00ed vivimos nuestro encuentro de pacientes, realizado en el marco del pedaleo: un espacio para conectar, acompa\u00f1arnos y sumar bienestar.\nGracias a los ciclistas y a todas las personas que, con su participaci\u00f3n y aporte al pedaleo, hicieron posible este momento tan especial.\nGracias a la familia ALEM por sumar, apoyar y hacer parte de este camino. \n\u2728 Juntos seguimos avanzando.\" aria-hidden=\"true\" src=\"data:image\/svg+xml;base64,PHN2ZyB3aWR0aD0iMSIgaGVpZ2h0PSIxIiB4bWxucz0iaHR0cDovL3d3dy53My5vcmcvMjAwMC9zdmciPjwvc3ZnPg==\" class=\"lazyload\" style=\"--smush-placeholder-width: 1000px; --smush-placeholder-aspect-ratio: 1000\/560;\">\n\t\t<\/a>\n\t<\/div>\n<\/div><div class=\"sbi_item sbi_type_image sbi_new sbi_transition\"\n\tid=\"sbi_18140571319461220\" data-date=\"1765472995\">\n\t<div class=\"sbi_photo_wrap\">\n\t\t<a class=\"sbi_photo\" href=\"https:\/\/www.instagram.com\/p\/DSIYvkyDimN\/\" target=\"_blank\" rel=\"noopener nofollow\" data-full-res=\"https:\/\/scontent-iad3-1.cdninstagram.com\/v\/t51.82787-15\/590413534_18548350453037343_4150278539724054714_n.jpg?stp=dst-jpg_e35_tt6&#038;_nc_cat=107&#038;ccb=7-5&#038;_nc_sid=18de74&#038;efg=eyJlZmdfdGFnIjoiRkVFRC5iZXN0X2ltYWdlX3VybGdlbi5DMyJ9&#038;_nc_ohc=qV6Z8oZ9bcIQ7kNvwGtWjfF&#038;_nc_oc=Adk92rg_WYqK1sixdXgf92UqFE_W4t7weTuaArv1z9X_o63wrHUqzee30QiZtC6ug-HGelMmeJYFFPr71eq5StEB&#038;_nc_zt=23&#038;_nc_ht=scontent-iad3-1.cdninstagram.com&#038;edm=AM6HXa8EAAAA&#038;_nc_gid=6SJvxKI-z6ZdaSvk2hRfgA&#038;oh=00_Afk7c2IkxKERGFJ17j7JRias7gyxo7yoqJGyj0xEOFEBTQ&#038;oe=69513FC8\" data-img-src-set=\"{&quot;d&quot;:&quot;https:\\\/\\\/scontent-iad3-1.cdninstagram.com\\\/v\\\/t51.82787-15\\\/590413534_18548350453037343_4150278539724054714_n.jpg?stp=dst-jpg_e35_tt6&amp;_nc_cat=107&amp;ccb=7-5&amp;_nc_sid=18de74&amp;efg=eyJlZmdfdGFnIjoiRkVFRC5iZXN0X2ltYWdlX3VybGdlbi5DMyJ9&amp;_nc_ohc=qV6Z8oZ9bcIQ7kNvwGtWjfF&amp;_nc_oc=Adk92rg_WYqK1sixdXgf92UqFE_W4t7weTuaArv1z9X_o63wrHUqzee30QiZtC6ug-HGelMmeJYFFPr71eq5StEB&amp;_nc_zt=23&amp;_nc_ht=scontent-iad3-1.cdninstagram.com&amp;edm=AM6HXa8EAAAA&amp;_nc_gid=6SJvxKI-z6ZdaSvk2hRfgA&amp;oh=00_Afk7c2IkxKERGFJ17j7JRias7gyxo7yoqJGyj0xEOFEBTQ&amp;oe=69513FC8&quot;,&quot;150&quot;:&quot;https:\\\/\\\/scontent-iad3-1.cdninstagram.com\\\/v\\\/t51.82787-15\\\/590413534_18548350453037343_4150278539724054714_n.jpg?stp=dst-jpg_e35_tt6&amp;_nc_cat=107&amp;ccb=7-5&amp;_nc_sid=18de74&amp;efg=eyJlZmdfdGFnIjoiRkVFRC5iZXN0X2ltYWdlX3VybGdlbi5DMyJ9&amp;_nc_ohc=qV6Z8oZ9bcIQ7kNvwGtWjfF&amp;_nc_oc=Adk92rg_WYqK1sixdXgf92UqFE_W4t7weTuaArv1z9X_o63wrHUqzee30QiZtC6ug-HGelMmeJYFFPr71eq5StEB&amp;_nc_zt=23&amp;_nc_ht=scontent-iad3-1.cdninstagram.com&amp;edm=AM6HXa8EAAAA&amp;_nc_gid=6SJvxKI-z6ZdaSvk2hRfgA&amp;oh=00_Afk7c2IkxKERGFJ17j7JRias7gyxo7yoqJGyj0xEOFEBTQ&amp;oe=69513FC8&quot;,&quot;320&quot;:&quot;https:\\\/\\\/www.alem-colombia.org\\\/home\\\/wp-content\\\/uploads\\\/sb-instagram-feed-images\\\/590413534_18548350453037343_4150278539724054714_nlow.webp&quot;,&quot;640&quot;:&quot;https:\\\/\\\/www.alem-colombia.org\\\/home\\\/wp-content\\\/uploads\\\/sb-instagram-feed-images\\\/590413534_18548350453037343_4150278539724054714_nfull.webp&quot;}\">\n\t\t\t<span class=\"sbi-screenreader\">\u23f3 La cuenta regresiva ya comenz\u00f3\u2026\nEste 21 de dicie<\/span>\n\t\t\t\t\t\t\t\t\t<img decoding=\"async\" data-src=\"https:\/\/www.alem-colombia.org\/home\/wp-content\/plugins\/instagram-feed\/img\/placeholder.png\" alt=\"\u23f3 La cuenta regresiva ya comenz\u00f3\u2026\nEste 21 de diciembre volveremos a rodar juntos por una causa que nos une: apoyar a las personas que viven con Esclerosis M\u00faltiple \ud83d\udc9b\ud83d\udeb4\u200d\u2642\ufe0f\n\nSer\u00e1 una jornada llena de energ\u00eda, solidaridad y prop\u00f3sito.\nY s\u00ed\u2026 \u00a1a\u00fan est\u00e1s a tiempo de inscribirte! \ud83d\ude4c\u2728\n\n\ud83d\udd17 Inscr\u00edbete con el enlace del perfil\n\ud83c\udfbd Incluye jersey oficial GO RIGO GO\n\ud83d\udc9a Lo recaudado apoya directamente nuestros programas para pacientes\n\n\u00a1Nos vemos en el pedaleo! \n@gorigogooficial \n#corropormicorroporellos\n#RodamosPorUnaCausa #EsclerosisM\u00faltiple\" aria-hidden=\"true\" src=\"data:image\/svg+xml;base64,PHN2ZyB3aWR0aD0iMSIgaGVpZ2h0PSIxIiB4bWxucz0iaHR0cDovL3d3dy53My5vcmcvMjAwMC9zdmciPjwvc3ZnPg==\" class=\"lazyload\" style=\"--smush-placeholder-width: 1000px; --smush-placeholder-aspect-ratio: 1000\/560;\">\n\t\t<\/a>\n\t<\/div>\n<\/div><div class=\"sbi_item sbi_type_image sbi_new sbi_transition\"\n\tid=\"sbi_17988844817877435\" data-date=\"1764989368\">\n\t<div class=\"sbi_photo_wrap\">\n\t\t<a class=\"sbi_photo\" href=\"https:\/\/www.instagram.com\/p\/DR5-TEtDBJ-\/\" target=\"_blank\" rel=\"noopener nofollow\" data-full-res=\"https:\/\/scontent-iad3-2.cdninstagram.com\/v\/t51.82787-15\/591583315_18547324144037343_5362969553335332217_n.jpg?stp=dst-jpg_e35_tt6&#038;_nc_cat=100&#038;ccb=7-5&#038;_nc_sid=18de74&#038;efg=eyJlZmdfdGFnIjoiRkVFRC5iZXN0X2ltYWdlX3VybGdlbi5DMyJ9&#038;_nc_ohc=aEsDRZqUE9gQ7kNvwHvp3Ld&#038;_nc_oc=AdkkHsQUi_cvVE_RUs0Izj5nQgPfsLgxC07ix1DDbLrJnAQAkHFQrm4iz2wUlvLiSfacnzByy2BN1myQVJwwKdFa&#038;_nc_zt=23&#038;_nc_ht=scontent-iad3-2.cdninstagram.com&#038;edm=AM6HXa8EAAAA&#038;_nc_gid=6SJvxKI-z6ZdaSvk2hRfgA&#038;oh=00_Afnrr_xwZm3ifgWvVToWatT2WfkBJL11-z_1OkpLGDDPZw&#038;oe=69513D21\" data-img-src-set=\"{&quot;d&quot;:&quot;https:\\\/\\\/scontent-iad3-2.cdninstagram.com\\\/v\\\/t51.82787-15\\\/591583315_18547324144037343_5362969553335332217_n.jpg?stp=dst-jpg_e35_tt6&amp;_nc_cat=100&amp;ccb=7-5&amp;_nc_sid=18de74&amp;efg=eyJlZmdfdGFnIjoiRkVFRC5iZXN0X2ltYWdlX3VybGdlbi5DMyJ9&amp;_nc_ohc=aEsDRZqUE9gQ7kNvwHvp3Ld&amp;_nc_oc=AdkkHsQUi_cvVE_RUs0Izj5nQgPfsLgxC07ix1DDbLrJnAQAkHFQrm4iz2wUlvLiSfacnzByy2BN1myQVJwwKdFa&amp;_nc_zt=23&amp;_nc_ht=scontent-iad3-2.cdninstagram.com&amp;edm=AM6HXa8EAAAA&amp;_nc_gid=6SJvxKI-z6ZdaSvk2hRfgA&amp;oh=00_Afnrr_xwZm3ifgWvVToWatT2WfkBJL11-z_1OkpLGDDPZw&amp;oe=69513D21&quot;,&quot;150&quot;:&quot;https:\\\/\\\/scontent-iad3-2.cdninstagram.com\\\/v\\\/t51.82787-15\\\/591583315_18547324144037343_5362969553335332217_n.jpg?stp=dst-jpg_e35_tt6&amp;_nc_cat=100&amp;ccb=7-5&amp;_nc_sid=18de74&amp;efg=eyJlZmdfdGFnIjoiRkVFRC5iZXN0X2ltYWdlX3VybGdlbi5DMyJ9&amp;_nc_ohc=aEsDRZqUE9gQ7kNvwHvp3Ld&amp;_nc_oc=AdkkHsQUi_cvVE_RUs0Izj5nQgPfsLgxC07ix1DDbLrJnAQAkHFQrm4iz2wUlvLiSfacnzByy2BN1myQVJwwKdFa&amp;_nc_zt=23&amp;_nc_ht=scontent-iad3-2.cdninstagram.com&amp;edm=AM6HXa8EAAAA&amp;_nc_gid=6SJvxKI-z6ZdaSvk2hRfgA&amp;oh=00_Afnrr_xwZm3ifgWvVToWatT2WfkBJL11-z_1OkpLGDDPZw&amp;oe=69513D21&quot;,&quot;320&quot;:&quot;https:\\\/\\\/www.alem-colombia.org\\\/home\\\/wp-content\\\/uploads\\\/sb-instagram-feed-images\\\/591583315_18547324144037343_5362969553335332217_nlow.webp&quot;,&quot;640&quot;:&quot;https:\\\/\\\/www.alem-colombia.org\\\/home\\\/wp-content\\\/uploads\\\/sb-instagram-feed-images\\\/591583315_18547324144037343_5362969553335332217_nfull.webp&quot;}\">\n\t\t\t<span class=\"sbi-screenreader\">Antes de cerrar el d\u00eda, enviamos un agradecimiento<\/span>\n\t\t\t\t\t\t\t\t\t<img decoding=\"async\" data-src=\"https:\/\/www.alem-colombia.org\/home\/wp-content\/plugins\/instagram-feed\/img\/placeholder.png\" alt=\"Antes de cerrar el d\u00eda, enviamos un agradecimiento enorme a quienes hacen de la rehabilitaci\u00f3n un espacio de esperanza.\n\ud83d\udc9a \ud83e\udde1Gracias, fisioterapeutas, por su dedicaci\u00f3n, su entrega y por acompa\u00f1ar cada proceso con tanta humanidad.\n\u00a1Feliz D\u00eda del Fisioterapeuta! \ud83c\udf1f\" aria-hidden=\"true\" src=\"data:image\/svg+xml;base64,PHN2ZyB3aWR0aD0iMSIgaGVpZ2h0PSIxIiB4bWxucz0iaHR0cDovL3d3dy53My5vcmcvMjAwMC9zdmciPjwvc3ZnPg==\" class=\"lazyload\" style=\"--smush-placeholder-width: 1000px; --smush-placeholder-aspect-ratio: 1000\/560;\">\n\t\t<\/a>\n\t<\/div>\n<\/div><div class=\"sbi_item sbi_type_image sbi_new sbi_transition\"\n\tid=\"sbi_18086558383968499\" data-date=\"1764778217\">\n\t<div class=\"sbi_photo_wrap\">\n\t\t<a class=\"sbi_photo\" href=\"https:\/\/www.instagram.com\/p\/DRzrj0JCfKF\/\" target=\"_blank\" rel=\"noopener nofollow\" data-full-res=\"https:\/\/scontent-iad3-1.cdninstagram.com\/v\/t51.82787-15\/591159740_18546858382037343_6934719491296896948_n.jpg?stp=dst-jpg_e35_tt6&#038;_nc_cat=109&#038;ccb=7-5&#038;_nc_sid=18de74&#038;efg=eyJlZmdfdGFnIjoiRkVFRC5iZXN0X2ltYWdlX3VybGdlbi5DMyJ9&#038;_nc_ohc=GF636vG3FzMQ7kNvwHSZBpL&#038;_nc_oc=AdnBsHmQIgtbb8RIzRb84PNO9F-bocthzPWQPBK4evUG0UinmM8NEKQrWRDBtr3dU1pJoAwR6B4gkDAIviGPoMj-&#038;_nc_zt=23&#038;_nc_ht=scontent-iad3-1.cdninstagram.com&#038;edm=AM6HXa8EAAAA&#038;_nc_gid=6SJvxKI-z6ZdaSvk2hRfgA&#038;oh=00_AfnihUiP4-P39oVioj8k3bJAQ-RVX03cMe5ZKV0vtX_RZQ&#038;oe=695171ED\" data-img-src-set=\"{&quot;d&quot;:&quot;https:\\\/\\\/scontent-iad3-1.cdninstagram.com\\\/v\\\/t51.82787-15\\\/591159740_18546858382037343_6934719491296896948_n.jpg?stp=dst-jpg_e35_tt6&amp;_nc_cat=109&amp;ccb=7-5&amp;_nc_sid=18de74&amp;efg=eyJlZmdfdGFnIjoiRkVFRC5iZXN0X2ltYWdlX3VybGdlbi5DMyJ9&amp;_nc_ohc=GF636vG3FzMQ7kNvwHSZBpL&amp;_nc_oc=AdnBsHmQIgtbb8RIzRb84PNO9F-bocthzPWQPBK4evUG0UinmM8NEKQrWRDBtr3dU1pJoAwR6B4gkDAIviGPoMj-&amp;_nc_zt=23&amp;_nc_ht=scontent-iad3-1.cdninstagram.com&amp;edm=AM6HXa8EAAAA&amp;_nc_gid=6SJvxKI-z6ZdaSvk2hRfgA&amp;oh=00_AfnihUiP4-P39oVioj8k3bJAQ-RVX03cMe5ZKV0vtX_RZQ&amp;oe=695171ED&quot;,&quot;150&quot;:&quot;https:\\\/\\\/scontent-iad3-1.cdninstagram.com\\\/v\\\/t51.82787-15\\\/591159740_18546858382037343_6934719491296896948_n.jpg?stp=dst-jpg_e35_tt6&amp;_nc_cat=109&amp;ccb=7-5&amp;_nc_sid=18de74&amp;efg=eyJlZmdfdGFnIjoiRkVFRC5iZXN0X2ltYWdlX3VybGdlbi5DMyJ9&amp;_nc_ohc=GF636vG3FzMQ7kNvwHSZBpL&amp;_nc_oc=AdnBsHmQIgtbb8RIzRb84PNO9F-bocthzPWQPBK4evUG0UinmM8NEKQrWRDBtr3dU1pJoAwR6B4gkDAIviGPoMj-&amp;_nc_zt=23&amp;_nc_ht=scontent-iad3-1.cdninstagram.com&amp;edm=AM6HXa8EAAAA&amp;_nc_gid=6SJvxKI-z6ZdaSvk2hRfgA&amp;oh=00_AfnihUiP4-P39oVioj8k3bJAQ-RVX03cMe5ZKV0vtX_RZQ&amp;oe=695171ED&quot;,&quot;320&quot;:&quot;https:\\\/\\\/www.alem-colombia.org\\\/home\\\/wp-content\\\/uploads\\\/sb-instagram-feed-images\\\/591159740_18546858382037343_6934719491296896948_nlow.webp&quot;,&quot;640&quot;:&quot;https:\\\/\\\/www.alem-colombia.org\\\/home\\\/wp-content\\\/uploads\\\/sb-instagram-feed-images\\\/591159740_18546858382037343_6934719491296896948_nfull.webp&quot;}\">\n\t\t\t<span class=\"sbi-screenreader\">\u2e3b\n\n\ud83c\udf3f\u2728 Hoy celebramos a quienes dedican su vida a c<\/span>\n\t\t\t\t\t\t\t\t\t<img decoding=\"async\" data-src=\"https:\/\/www.alem-colombia.org\/home\/wp-content\/plugins\/instagram-feed\/img\/placeholder.png\" alt=\"\u2e3b\n\n\ud83c\udf3f\u2728 Hoy celebramos a quienes dedican su vida a cuidar la nuestra.\nSu entrega, vocaci\u00f3n y humanidad transforman vidas y llenan de esperanza cada camino de salud.\n\nEn ALEM honramos y agradecemos profundamente a todos los m\u00e9dicos que acompa\u00f1an a nuestra comunidad con compromiso, respeto y empat\u00eda. \ud83e\udde1\ud83d\udc9a\ud83e\ude7a\n\n\u00a1Feliz D\u00eda del M\u00e9dico!\nGracias por ser un pilar para nuestra sociedad y por recordarnos que la esperanza tambi\u00e9n se escribe con bata blanca.\" aria-hidden=\"true\" src=\"data:image\/svg+xml;base64,PHN2ZyB3aWR0aD0iMSIgaGVpZ2h0PSIxIiB4bWxucz0iaHR0cDovL3d3dy53My5vcmcvMjAwMC9zdmciPjwvc3ZnPg==\" class=\"lazyload\" style=\"--smush-placeholder-width: 1000px; --smush-placeholder-aspect-ratio: 1000\/560;\">\n\t\t<\/a>\n\t<\/div>\n<\/div>\t<\/div>\n\n\t<div id=\"sbi_load\" >\n\n\t\n\t\t\t<span class=\"sbi_follow_btn\" >\n\t\t\t<a target=\"_blank\" rel=\"nofollow noopener\" href=\"https:\/\/www.instagram.com\/alem_medellin\/\">\n\t\t\t\t<svg class=\"svg-inline--fa fa-instagram fa-w-14\" aria-hidden=\"true\" data-fa-processed=\"\" aria-label=\"Instagram\" data-prefix=\"fab\" data-icon=\"instagram\" role=\"img\" viewBox=\"0 0 448 512\">\n                    <path fill=\"currentColor\" d=\"M224.1 141c-63.6 0-114.9 51.3-114.9 114.9s51.3 114.9 114.9 114.9S339 319.5 339 255.9 287.7 141 224.1 141zm0 189.6c-41.1 0-74.7-33.5-74.7-74.7s33.5-74.7 74.7-74.7 74.7 33.5 74.7 74.7-33.6 74.7-74.7 74.7zm146.4-194.3c0 14.9-12 26.8-26.8 26.8-14.9 0-26.8-12-26.8-26.8s12-26.8 26.8-26.8 26.8 12 26.8 26.8zm76.1 27.2c-1.7-35.9-9.9-67.7-36.2-93.9-26.2-26.2-58-34.4-93.9-36.2-37-2.1-147.9-2.1-184.9 0-35.8 1.7-67.6 9.9-93.9 36.1s-34.4 58-36.2 93.9c-2.1 37-2.1 147.9 0 184.9 1.7 35.9 9.9 67.7 36.2 93.9s58 34.4 93.9 36.2c37 2.1 147.9 2.1 184.9 0 35.9-1.7 67.7-9.9 93.9-36.2 26.2-26.2 34.4-58 36.2-93.9 2.1-37 2.1-147.8 0-184.8zM398.8 388c-7.8 19.6-22.9 34.7-42.6 42.6-29.5 11.7-99.5 9-132.1 9s-102.7 2.6-132.1-9c-19.6-7.8-34.7-22.9-42.6-42.6-11.7-29.5-9-99.5-9-132.1s-2.6-102.7 9-132.1c7.8-19.6 22.9-34.7 42.6-42.6 29.5-11.7 99.5-9 132.1-9s102.7-2.6 132.1 9c19.6 7.8 34.7 22.9 42.6 42.6 11.7 29.5 9 99.5 9 132.1s2.7 102.7-9 132.1z\"><\/path>\n                <\/svg>\t\t\t\t<span>S\u00edguenos en Instagram.<\/span>\n\t\t\t<\/a>\n\t\t<\/span>\n\t\n<\/div>\n\t\t<span class=\"sbi_resized_image_data\" data-feed-id=\"*1\"\n\t\t  data-resized=\"{&quot;18086558383968499&quot;:{&quot;id&quot;:&quot;591159740_18546858382037343_6934719491296896948_n&quot;,&quot;ratio&quot;:&quot;0.75&quot;,&quot;sizes&quot;:{&quot;full&quot;:640,&quot;low&quot;:320,&quot;thumb&quot;:150},&quot;extension&quot;:&quot;.webp&quot;},&quot;17988844817877435&quot;:{&quot;id&quot;:&quot;591583315_18547324144037343_5362969553335332217_n&quot;,&quot;ratio&quot;:&quot;0.75&quot;,&quot;sizes&quot;:{&quot;full&quot;:640,&quot;low&quot;:320,&quot;thumb&quot;:150},&quot;extension&quot;:&quot;.webp&quot;},&quot;18140571319461220&quot;:{&quot;id&quot;:&quot;590413534_18548350453037343_4150278539724054714_n&quot;,&quot;ratio&quot;:&quot;1.00&quot;,&quot;sizes&quot;:{&quot;full&quot;:640,&quot;low&quot;:320,&quot;thumb&quot;:150},&quot;extension&quot;:&quot;.webp&quot;},&quot;17994642467891340&quot;:{&quot;id&quot;:&quot;601225128_869654905714265_4760815935852394618_n&quot;,&quot;ratio&quot;:&quot;0.56&quot;,&quot;sizes&quot;:{&quot;full&quot;:640,&quot;low&quot;:320,&quot;thumb&quot;:150},&quot;extension&quot;:&quot;.webp&quot;}}\">\n\t<\/span>\n\t<\/div>\n<div id=\"gtx-trans\" style=\"position: absolute; left: -28px; top: -10px;\">\n<div class=\"gtx-trans-icon\"><\/div>\n<\/div>\n<p>[\/vc_column_text][\/vc_column_inner][\/vc_row_inner][\/vc_column][vc_column][\/vc_column][vc_column][\/vc_column][\/vc_row][vc_row parallax=&#8221;content-moving&#8221; parallax_image=&#8221;4167&#8243; parallax_speed_bg=&#8221;1.6&#8243; isfullwidth=&#8221;&#8221; css=&#8221;.vc_custom_1710249842002{padding-bottom: 80px !important;background-color: #f4f5f9 !important;}&#8221;][vc_column][vc_row_inner][vc_column_inner][gva_block_heading title=&#8221;\u00a1As\u00ed puedes ayudar!&#8221; style_text=&#8221;text-light&#8221; desc=&#8221;Donec id elit non mi porta gravida at eget metus lorem ipsum dolor.&#8221; subtitle=&#8221;\u00bfDeseas ser parte del cambio?&#8221;][\/gva_block_heading][\/vc_column_inner][\/vc_row_inner][vc_row_inner][vc_column_inner width=&#8221;1\/2&#8243; offset=&#8221;vc_col-lg-3 vc_col-md-3&#8243;][gva_icon_box title=&#8221;Campa\u00f1a Fundraising&#8221; icon_position=&#8221;top-center v2&#8243; link=&#8221;https:\/\/www.alem-colombia.org\/home\/fundraising\/&#8221; icon_width=&#8221;fa-2x&#8221; skin_text=&#8221;text-light&#8221; icon_color=&#8221;#FFA600&#8243; image=&#8221;3846&#8243;][\/vc_column_inner][vc_column_inner width=&#8221;1\/2&#8243; offset=&#8221;vc_col-lg-3 vc_col-md-3&#8243;][gva_icon_box title=&#8221;Cuidadores&#8221; icon_position=&#8221;top-center v2&#8243; link=&#8221;https:\/\/www.alem-colombia.org\/home\/cuidadores\/&#8221; icon_width=&#8221;fa-2x&#8221; skin_text=&#8221;text-light&#8221; icon_color=&#8221;#FFA600&#8243; image=&#8221;3843&#8243;][\/vc_column_inner][vc_column_inner width=&#8221;1\/2&#8243; offset=&#8221;vc_col-lg-3 vc_col-md-3&#8243;][gva_icon_box title=&#8221;Redes&#8221; icon_position=&#8221;top-center v2&#8243; link=&#8221;https:\/\/www.alem-colombia.org\/home\/redes\/&#8221; icon_width=&#8221;fa-2x&#8221; skin_text=&#8221;text-light&#8221; icon_color=&#8221;#FFA600&#8243; image=&#8221;3844&#8243;][\/vc_column_inner][vc_column_inner width=&#8221;1\/2&#8243; offset=&#8221;vc_col-lg-3 vc_col-md-3&#8243;][gva_icon_box title=&#8221;EVENTOS: D\u00eda Mundial de la EM&#8221; icon_position=&#8221;top-center v2&#8243; link=&#8221;https:\/\/www.alem-colombia.org\/home\/gva_event\/dia-mundial-de-la-em-2023\/&#8221; icon_width=&#8221;fa-2x&#8221; skin_text=&#8221;text-light&#8221; icon_color=&#8221;#FFA600&#8243; image=&#8221;3845&#8243;][\/vc_column_inner][\/vc_row_inner][\/vc_column][\/vc_row][vc_row row_space=&#8221;remove_padding_bottom&#8221; css=&#8221;.vc_custom_1710249596182{padding-bottom: 80px !important;}&#8221;][vc_column][\/vc_column][vc_column][gva_block_heading title=&#8221;Nuestro blog sobre la Esclerosis M\u00faltiple&#8221; icon=&#8221;gv-icon-619&#8243; align=&#8221;align-left-2&#8243; subtitle=&#8221;Noticias para ti&#8221;][\/gva_block_heading][gva_blogs_stick_list loop=&#8221;size:4|order_by:date|order:DESC|post_type:post|ignore_sticky_posts:1&#8243;][vc_btn title=&#8221;\u00a1Cargar m\u00e1s art\u00edculos!&#8221; color=&#8221;black&#8221; size=&#8221;lg&#8221; align=&#8221;center&#8221; css_animation=&#8221;fadeIn&#8221; link=&#8221;url:https%3A%2F%2Fwww.alem-colombia.org%2Fhome%2Fblog%2F&#8221;][\/vc_column][\/vc_row][vc_row full_width=&#8221;stretch_row_content_no_spaces&#8221; content_placement=&#8221;middle&#8221; custom_background=&#8221;bg-center&#8221; css=&#8221;.vc_custom_1710249551654{padding-bottom: 100px !important;background-image: url(https:\/\/themesgavias.com\/wp\/kunco\/wp-contenthttps:\/\/www.alem-colombia.org\/home\/wp-content\/uploads\/2018\/07\/map-1.png?id=2956) !important;}&#8221;][vc_column][gva_block_heading title=&#8221;Nuestras redes y aliados&#8221; style=&#8221;style-3&#8243; desc=&#8221;Our Partners Are From All Over The World.&#8221; el_class=&#8221;sizecolumna&#8221;]Tenemos aliados y redes en Colombia y diferentes partes del mundo. Todos con el mismo prop\u00f3sito: apoyar.[\/gva_block_heading][gva_brands per_page=&#8221;13&#8243; style=&#8221;style-2&#8243; items_lg=&#8221;5&#8243; items_md=&#8221;4&#8243; items_sm=&#8221;3&#8243; items_xs=&#8221;2&#8243; ca_navigation=&#8221;0&#8243; ca_pagination=&#8221;0&#8243; columns=&#8221;5&#8243;][vc_row_inner content_placement=&#8221;middle&#8221;][vc_column_inner width=&#8221;1\/4&#8243;][vc_single_image image=&#8221;5252&#8243; img_size=&#8221;500X180&#8243; alignment=&#8221;center&#8221; css=&#8221;&#8221;][\/vc_column_inner][vc_column_inner width=&#8221;1\/4&#8243;][vc_single_image image=&#8221;5253&#8243; alignment=&#8221;center&#8221; css=&#8221;&#8221;][\/vc_column_inner][vc_column_inner width=&#8221;1\/4&#8243;][vc_single_image image=&#8221;5254&#8243; img_size=&#8221;395X180&#8243; css=&#8221;&#8221;][\/vc_column_inner][vc_column_inner width=&#8221;1\/4&#8243;][vc_single_image image=&#8221;5261&#8243; alignment=&#8221;center&#8221; css=&#8221;&#8221;][\/vc_column_inner][\/vc_row_inner][\/vc_column][\/vc_row]<\/p>\n<\/div>","protected":false},"excerpt":{"rendered":"<p>[vc_row full_width=&#8221;stretch_row_content_no_spaces&#8221; content_placement=&#8221;middle&#8221; fullwidth=&#8221;0&#8243; row_space=&#8221;remove_padding&#8221; isfullwidth=&#8221;0&#8243; css=&#8221;.vc_custom_1643230112665{margin-left: 0px !important;}&#8221;][vc_column css=&#8221;.vc_custom_1643230175776{padding-left: 0px !important;}&#8221;][vc_gallery interval=&#8221;5&#8243; images=&#8221;5244,5210,4779,5173&#8243; img_size=&#8221;full&#8221; onclick=&#8221;custom_link&#8221; custom_links_target=&#8221;_blank&#8221; css=&#8221;.vc_custom_1763811886806{background-position: center !important;background-repeat: no-repeat !important;background-size: cover !important;}&#8221; custom_links=&#8221;#E-8_aHR0cHMlM0ElMkYlMkZmb3Jtcy5nbGUlMkY1aDMzYTFiWUphOFNNdTFDOSUyQ2h0dHBzJTNBJTJGJTJGZm9ybXMuZ2xlJTJGMm1LQ2JLZEJMZ0dYZWNuZzglMkMlMkNodHRwcyUzQSUyRiUyRnd3dy5wc2VwYWdvcy5jbyUyRlBTRUhvc3RpbmdVSSUyRlNob3dUaWNrZXRPZmZpY2UuYXNweCUzRklEJTNEMTA3MTAlMkM=&#8221;][\/vc_column][\/vc_row][vc_row row_space=&#8221;padding-small&#8221; custom_background=&#8221;bg-theme-2&#8243;][vc_column][gva_call_to_action title=&#8221;Juntos para luchar contra la Esclerosis m\u00faltiple.&#8221; button_align=&#8221;button-right&#8221; link=&#8221;https:\/\/www.psepagos.co\/PSEHostingUI\/ShowTicketOffice.aspx?ID=10710&#8243; text_link=&#8221;Gracias por tu apoyo&#8221;][\/gva_call_to_action][\/vc_column][\/vc_row][vc_row row_space=&#8221;remove_margin remove_padding remove_padding_col&#8221;][vc_column offset=&#8221;vc_col-lg-6 vc_col-md-6&#8243;][vc_separator][vc_row_inner][vc_column_inner][vc_column_text] +57 320 3332056\u00a0 \u00a0|\u00a0 \u00a0 +57 322 6165047 [\/vc_column_text][gva_block_heading title=&#8221;Pacientes [&hellip;]<\/p>\n","protected":false},"author":1,"featured_media":0,"parent":0,"menu_order":0,"comment_status":"closed","ping_status":"closed","template":"","meta":{"_monsterinsights_skip_tracking":false,"_monsterinsights_sitenote_active":false,"_monsterinsights_sitenote_note":"","_monsterinsights_sitenote_category":0,"footnotes":""},"class_list":["post-4435","page","type-page","status-publish","hentry"],"aioseo_notices":[],"_links":{"self":[{"href":"https:\/\/www.alem-colombia.org\/home\/wp-json\/wp\/v2\/pages\/4435","targetHints":{"allow":["GET"]}}],"collection":[{"href":"https:\/\/www.alem-colombia.org\/home\/wp-json\/wp\/v2\/pages"}],"about":[{"href":"https:\/\/www.alem-colombia.org\/home\/wp-json\/wp\/v2\/types\/page"}],"author":[{"embeddable":true,"href":"https:\/\/www.alem-colombia.org\/home\/wp-json\/wp\/v2\/users\/1"}],"replies":[{"embeddable":true,"href":"https:\/\/www.alem-colombia.org\/home\/wp-json\/wp\/v2\/comments?post=4435"}],"version-history":[{"count":19,"href":"https:\/\/www.alem-colombia.org\/home\/wp-json\/wp\/v2\/pages\/4435\/revisions"}],"predecessor-version":[{"id":5264,"href":"https:\/\/www.alem-colombia.org\/home\/wp-json\/wp\/v2\/pages\/4435\/revisions\/5264"}],"wp:attachment":[{"href":"https:\/\/www.alem-colombia.org\/home\/wp-json\/wp\/v2\/media?parent=4435"}],"curies":[{"name":"wp","href":"https:\/\/api.w.org\/{rel}","templated":true}]}}